{"id":750,"date":"2024-12-16T08:24:19","date_gmt":"2024-12-16T11:24:19","guid":{"rendered":"https:\/\/blogclinicsaude.farmaponte.com.br\/?page_id=750"},"modified":"2024-12-16T08:25:13","modified_gmt":"2024-12-16T11:25:13","slug":"dezembro-amarelo-o-que-e-o-cancer-de-pele-quais-os-tipos-mais-nocivos-e-como-prevenir","status":"publish","type":"page","link":"https:\/\/blogclinicsaude.farmaponte.com.br\/?page_id=750","title":{"rendered":"DEZEMBRO AMARELO &#8211; O QUE \u00c9 O C\u00c2NCER DE PELE, QUAIS OS TIPOS MAIS NOCIVOS E COMO PREVENIR"},"content":{"rendered":"\t\t<div data-elementor-type=\"wp-page\" data-elementor-id=\"750\" class=\"elementor elementor-750\">\n\t\t\t\t<div class=\"elementor-element elementor-element-aa4c00f e-con-full elementor-hidden-tablet elementor-hidden-mobile e-flex e-con e-parent\" data-id=\"aa4c00f\" data-element_type=\"container\" data-e-type=\"container\">\n\t\t\t\t<div class=\"elementor-element elementor-element-a1ac705 elementor-widget elementor-widget-button\" data-id=\"a1ac705\" data-element_type=\"widget\" data-e-type=\"widget\" data-widget_type=\"button.default\">\n\t\t\t\t<div class=\"elementor-widget-container\">\n\t\t\t\t\t\t\t\t\t<div class=\"elementor-button-wrapper\">\n\t\t\t\t\t<a class=\"elementor-button elementor-button-link elementor-size-sm\" href=\"https:\/\/blogclinicsaude.farmaponte.com.br\/\">\n\t\t\t\t\t\t<span class=\"elementor-button-content-wrapper\">\n\t\t\t\t\t\t<span class=\"elementor-button-icon\">\n\t\t\t\t<svg aria-hidden=\"true\" class=\"e-font-icon-svg e-fas-house-user\" viewBox=\"0 0 576 512\" xmlns=\"http:\/\/www.w3.org\/2000\/svg\"><path d=\"M570.69,236.27,512,184.44V48a16,16,0,0,0-16-16H432a16,16,0,0,0-16,16V99.67L314.78,10.3C308.5,4.61,296.53,0,288,0s-20.46,4.61-26.74,10.3l-256,226A18.27,18.27,0,0,0,0,248.2a18.64,18.64,0,0,0,4.09,10.71L25.5,282.7a21.14,21.14,0,0,0,12,5.3,21.67,21.67,0,0,0,10.69-4.11l15.9-14V480a32,32,0,0,0,32,32H480a32,32,0,0,0,32-32V269.88l15.91,14A21.94,21.94,0,0,0,538.63,288a20.89,20.89,0,0,0,11.87-5.31l21.41-23.81A21.64,21.64,0,0,0,576,248.19,21,21,0,0,0,570.69,236.27ZM288,176a64,64,0,1,1-64,64A64,64,0,0,1,288,176ZM400,448H176a16,16,0,0,1-16-16,96,96,0,0,1,96-96h64a96,96,0,0,1,96,96A16,16,0,0,1,400,448Z\"><\/path><\/svg>\t\t\t<\/span>\n\t\t\t\t\t\t\t\t\t<span class=\"elementor-button-text\">VOLTAR PARA HOME<\/span>\n\t\t\t\t\t<\/span>\n\t\t\t\t\t<\/a>\n\t\t\t\t<\/div>\n\t\t\t\t\t\t\t\t<\/div>\n\t\t\t\t<\/div>\n\t\t\t\t<\/div>\n\t\t\t\t<section class=\"elementor-section elementor-top-section elementor-element elementor-element-ab3da20 elementor-section-height-min-height elementor-section-boxed elementor-section-height-default elementor-section-items-middle\" data-id=\"ab3da20\" data-element_type=\"section\" data-e-type=\"section\">\n\t\t\t\t\t\t<div class=\"elementor-container elementor-column-gap-default\">\n\t\t\t\t\t<div class=\"elementor-column elementor-col-100 elementor-top-column elementor-element elementor-element-ae52452\" data-id=\"ae52452\" data-element_type=\"column\" data-e-type=\"column\">\n\t\t\t<div class=\"elementor-widget-wrap elementor-element-populated\">\n\t\t\t\t\t\t<div class=\"elementor-element elementor-element-5a137163 elementor-widget elementor-widget-heading\" data-id=\"5a137163\" data-element_type=\"widget\" data-e-type=\"widget\" data-widget_type=\"heading.default\">\n\t\t\t\t<div class=\"elementor-widget-container\">\n\t\t\t\t\t<h2 class=\"elementor-heading-title elementor-size-default\">DEZEMBRO AMARELO <\/h2>\t\t\t\t<\/div>\n\t\t\t\t<\/div>\n\t\t\t\t<div class=\"elementor-element elementor-element-90ea6f5 elementor-widget elementor-widget-heading\" data-id=\"90ea6f5\" data-element_type=\"widget\" data-e-type=\"widget\" data-widget_type=\"heading.default\">\n\t\t\t\t<div class=\"elementor-widget-container\">\n\t\t\t\t\t<h2 class=\"elementor-heading-title elementor-size-default\">O QUE \u00c9 O C\u00c2NCER DE PELE, QUAIS OS TIPOS MAIS NOCIVOS E COMO PREVENIR<\/h2>\t\t\t\t<\/div>\n\t\t\t\t<\/div>\n\t\t\t\t<section class=\"elementor-section elementor-inner-section elementor-element elementor-element-5f714821 elementor-section-boxed elementor-section-height-default elementor-section-height-default\" data-id=\"5f714821\" data-element_type=\"section\" data-e-type=\"section\">\n\t\t\t\t\t\t<div class=\"elementor-container elementor-column-gap-default\">\n\t\t\t\t\t<div class=\"elementor-column elementor-col-50 elementor-inner-column elementor-element elementor-element-4e629c35\" data-id=\"4e629c35\" data-element_type=\"column\" data-e-type=\"column\">\n\t\t\t<div class=\"elementor-widget-wrap elementor-element-populated\">\n\t\t\t\t\t\t<div class=\"elementor-element elementor-element-74c155dc elementor-widget elementor-widget-image\" data-id=\"74c155dc\" data-element_type=\"widget\" data-e-type=\"widget\" data-widget_type=\"image.default\">\n\t\t\t\t<div class=\"elementor-widget-container\">\n\t\t\t\t\t\t\t\t\t\t\t\t\t\t\t<img fetchpriority=\"high\" decoding=\"async\" width=\"1024\" height=\"576\" src=\"https:\/\/blogclinicsaude.farmaponte.com.br\/wp-content\/uploads\/2024\/12\/1-1-1024x576.jpg\" class=\"elementor-animation-hang attachment-large size-large wp-image-752\" alt=\"\" srcset=\"https:\/\/blogclinicsaude.farmaponte.com.br\/wp-content\/uploads\/2024\/12\/1-1-1024x576.jpg 1024w, https:\/\/blogclinicsaude.farmaponte.com.br\/wp-content\/uploads\/2024\/12\/1-1-300x169.jpg 300w, https:\/\/blogclinicsaude.farmaponte.com.br\/wp-content\/uploads\/2024\/12\/1-1-768x432.jpg 768w, https:\/\/blogclinicsaude.farmaponte.com.br\/wp-content\/uploads\/2024\/12\/1-1-1536x864.jpg 1536w, https:\/\/blogclinicsaude.farmaponte.com.br\/wp-content\/uploads\/2024\/12\/1-1.jpg 1920w\" sizes=\"(max-width: 1024px) 100vw, 1024px\" \/>\t\t\t\t\t\t\t\t\t\t\t\t\t\t\t<\/div>\n\t\t\t\t<\/div>\n\t\t\t\t\t<\/div>\n\t\t<\/div>\n\t\t\t\t<div class=\"elementor-column elementor-col-50 elementor-inner-column elementor-element elementor-element-70ee1860\" data-id=\"70ee1860\" data-element_type=\"column\" data-e-type=\"column\" data-settings=\"{&quot;background_background&quot;:&quot;classic&quot;}\">\n\t\t\t<div class=\"elementor-widget-wrap elementor-element-populated\">\n\t\t\t\t\t\t<div class=\"elementor-element elementor-element-f22f42d elementor-widget elementor-widget-text-editor\" data-id=\"f22f42d\" data-element_type=\"widget\" data-e-type=\"widget\" data-widget_type=\"text-editor.default\">\n\t\t\t\t<div class=\"elementor-widget-container\">\n\t\t\t\t\t\t\t\t\t<p>Dezembro Amarelo \u00e9 uma campanha que busca conscientizar a popula\u00e7\u00e3o sobre a preven\u00e7\u00e3o e o diagn\u00f3stico precoce do c\u00e2ncer de pele. Este m\u00eas, que coincide com o in\u00edcio do ver\u00e3o no Brasil, \u00e9 fundamental para destacar a import\u00e2ncia dos cuidados com a exposi\u00e7\u00e3o solar e a necessidade de medidas protetivas contra a radia\u00e7\u00e3o ultravioleta (UV).<\/p>\t\t\t\t\t\t\t\t<\/div>\n\t\t\t\t<\/div>\n\t\t\t\t\t<\/div>\n\t\t<\/div>\n\t\t\t\t\t<\/div>\n\t\t<\/section>\n\t\t\t\t<section class=\"elementor-section elementor-inner-section elementor-element elementor-element-647dd32 elementor-reverse-mobile elementor-section-boxed elementor-section-height-default elementor-section-height-default\" data-id=\"647dd32\" data-element_type=\"section\" data-e-type=\"section\">\n\t\t\t\t\t\t<div class=\"elementor-container elementor-column-gap-default\">\n\t\t\t\t\t<div class=\"elementor-column elementor-col-50 elementor-inner-column elementor-element elementor-element-45e9461\" data-id=\"45e9461\" data-element_type=\"column\" data-e-type=\"column\" data-settings=\"{&quot;background_background&quot;:&quot;classic&quot;}\">\n\t\t\t<div class=\"elementor-widget-wrap elementor-element-populated\">\n\t\t\t\t\t\t<div class=\"elementor-element elementor-element-034f345 elementor-widget elementor-widget-heading\" data-id=\"034f345\" data-element_type=\"widget\" data-e-type=\"widget\" data-widget_type=\"heading.default\">\n\t\t\t\t<div class=\"elementor-widget-container\">\n\t\t\t\t\t<h3 class=\"elementor-heading-title elementor-size-default\">O QUE \u00c9 O C\u00c2NCER DE PELE?<\/h3>\t\t\t\t<\/div>\n\t\t\t\t<\/div>\n\t\t\t\t<div class=\"elementor-element elementor-element-7627b13 elementor-widget elementor-widget-text-editor\" data-id=\"7627b13\" data-element_type=\"widget\" data-e-type=\"widget\" data-widget_type=\"text-editor.default\">\n\t\t\t\t<div class=\"elementor-widget-container\">\n\t\t\t\t\t\t\t\t\t<p>O c\u00e2ncer de pele \u00e9 a prolifera\u00e7\u00e3o anormal e desordenada de c\u00e9lulas na epiderme, sendo o tipo mais comum de c\u00e2ncer no mundo. Ele \u00e9 classificado em dois grandes grupos: melanoma e n\u00e3o melanoma. Embora o c\u00e2ncer de pele n\u00e3o melanoma seja mais prevalente, o melanoma \u00e9 o mais agressivo e respons\u00e1vel pela maior parte das mortes relacionadas \u00e0 doen\u00e7a.<\/p>\t\t\t\t\t\t\t\t<\/div>\n\t\t\t\t<\/div>\n\t\t\t\t\t<\/div>\n\t\t<\/div>\n\t\t\t\t<div class=\"elementor-column elementor-col-50 elementor-inner-column elementor-element elementor-element-712c0078\" data-id=\"712c0078\" data-element_type=\"column\" data-e-type=\"column\">\n\t\t\t<div class=\"elementor-widget-wrap elementor-element-populated\">\n\t\t\t\t\t\t<div class=\"elementor-element elementor-element-2f87d7dc elementor-widget elementor-widget-image\" data-id=\"2f87d7dc\" data-element_type=\"widget\" data-e-type=\"widget\" data-widget_type=\"image.default\">\n\t\t\t\t<div class=\"elementor-widget-container\">\n\t\t\t\t\t\t\t\t\t\t\t\t\t\t\t<img decoding=\"async\" width=\"1024\" height=\"576\" src=\"https:\/\/blogclinicsaude.farmaponte.com.br\/wp-content\/uploads\/2024\/12\/2-1-1024x576.jpg\" class=\"elementor-animation-hang attachment-large size-large wp-image-753\" alt=\"\" srcset=\"https:\/\/blogclinicsaude.farmaponte.com.br\/wp-content\/uploads\/2024\/12\/2-1-1024x576.jpg 1024w, https:\/\/blogclinicsaude.farmaponte.com.br\/wp-content\/uploads\/2024\/12\/2-1-300x169.jpg 300w, https:\/\/blogclinicsaude.farmaponte.com.br\/wp-content\/uploads\/2024\/12\/2-1-768x432.jpg 768w, https:\/\/blogclinicsaude.farmaponte.com.br\/wp-content\/uploads\/2024\/12\/2-1-1536x864.jpg 1536w, https:\/\/blogclinicsaude.farmaponte.com.br\/wp-content\/uploads\/2024\/12\/2-1.jpg 1920w\" sizes=\"(max-width: 1024px) 100vw, 1024px\" \/>\t\t\t\t\t\t\t\t\t\t\t\t\t\t\t<\/div>\n\t\t\t\t<\/div>\n\t\t\t\t\t<\/div>\n\t\t<\/div>\n\t\t\t\t\t<\/div>\n\t\t<\/section>\n\t\t\t\t<div class=\"elementor-element elementor-element-43097ec elementor-widget elementor-widget-heading\" data-id=\"43097ec\" data-element_type=\"widget\" data-e-type=\"widget\" data-widget_type=\"heading.default\">\n\t\t\t\t<div class=\"elementor-widget-container\">\n\t\t\t\t\t<h3 class=\"elementor-heading-title elementor-size-default\">QUAIS OS TIPOS DE C\u00c2NCER DE PELE E QUAL O GRAU DE RISCO DE CADA UM DELES?<\/h3>\t\t\t\t<\/div>\n\t\t\t\t<\/div>\n\t\t\t\t<section class=\"elementor-section elementor-inner-section elementor-element elementor-element-c2f1650 elementor-section-boxed elementor-section-height-default elementor-section-height-default\" data-id=\"c2f1650\" data-element_type=\"section\" data-e-type=\"section\">\n\t\t\t\t\t\t<div class=\"elementor-container elementor-column-gap-default\">\n\t\t\t\t\t<div class=\"elementor-column elementor-col-50 elementor-inner-column elementor-element elementor-element-787e9c7\" data-id=\"787e9c7\" data-element_type=\"column\" data-e-type=\"column\">\n\t\t\t<div class=\"elementor-widget-wrap elementor-element-populated\">\n\t\t\t\t\t\t<div class=\"elementor-element elementor-element-35f781d elementor-widget elementor-widget-image\" data-id=\"35f781d\" data-element_type=\"widget\" data-e-type=\"widget\" data-widget_type=\"image.default\">\n\t\t\t\t<div class=\"elementor-widget-container\">\n\t\t\t\t\t\t\t\t\t\t\t\t\t\t\t<img decoding=\"async\" width=\"1024\" height=\"576\" src=\"https:\/\/blogclinicsaude.farmaponte.com.br\/wp-content\/uploads\/2024\/12\/3-1-1024x576.jpg\" class=\"elementor-animation-hang attachment-large size-large wp-image-754\" alt=\"\" srcset=\"https:\/\/blogclinicsaude.farmaponte.com.br\/wp-content\/uploads\/2024\/12\/3-1-1024x576.jpg 1024w, https:\/\/blogclinicsaude.farmaponte.com.br\/wp-content\/uploads\/2024\/12\/3-1-300x169.jpg 300w, https:\/\/blogclinicsaude.farmaponte.com.br\/wp-content\/uploads\/2024\/12\/3-1-768x432.jpg 768w, https:\/\/blogclinicsaude.farmaponte.com.br\/wp-content\/uploads\/2024\/12\/3-1-1536x864.jpg 1536w, https:\/\/blogclinicsaude.farmaponte.com.br\/wp-content\/uploads\/2024\/12\/3-1.jpg 1920w\" sizes=\"(max-width: 1024px) 100vw, 1024px\" \/>\t\t\t\t\t\t\t\t\t\t\t\t\t\t\t<\/div>\n\t\t\t\t<\/div>\n\t\t\t\t\t<\/div>\n\t\t<\/div>\n\t\t\t\t<div class=\"elementor-column elementor-col-50 elementor-inner-column elementor-element elementor-element-f32bd78\" data-id=\"f32bd78\" data-element_type=\"column\" data-e-type=\"column\" data-settings=\"{&quot;background_background&quot;:&quot;classic&quot;}\">\n\t\t\t<div class=\"elementor-widget-wrap elementor-element-populated\">\n\t\t\t\t\t\t<div class=\"elementor-element elementor-element-f82b961 elementor-widget elementor-widget-heading\" data-id=\"f82b961\" data-element_type=\"widget\" data-e-type=\"widget\" data-widget_type=\"heading.default\">\n\t\t\t\t<div class=\"elementor-widget-container\">\n\t\t\t\t\t<h3 class=\"elementor-heading-title elementor-size-default\">C\u00c2NCER DE PELE N\u00c3O MELANOMA<\/h3>\t\t\t\t<\/div>\n\t\t\t\t<\/div>\n\t\t\t\t<div class=\"elementor-element elementor-element-a49e111 elementor-widget elementor-widget-text-editor\" data-id=\"a49e111\" data-element_type=\"widget\" data-e-type=\"widget\" data-widget_type=\"text-editor.default\">\n\t\t\t\t<div class=\"elementor-widget-container\">\n\t\t\t\t\t\t\t\t\t<ol><li><strong>Carcinoma basocelular (CBC)<\/strong>: Representa cerca de 70% dos casos. \u00c9 menos agressivo, raramente provoca met\u00e1stases e geralmente se manifesta em \u00e1reas mais expostas ao sol, como rosto e pesco\u00e7o.<br \/><br \/><\/li><li><strong>Carcinoma espinocelular (CEC)<\/strong>: Corresponde a aproximadamente 25% dos casos. Embora mais agressivo que o CBC, tem baixa taxa de mortalidade e met\u00e1stases s\u00e3o incomuns.<\/li><\/ol><p>As atividades carcinog\u00eanicas podem ter caracter\u00edsticas muito diferentes de uma pessoa para a outra e mesmo em les\u00f5es diferentes no mesmo indiv\u00edduo. Por conta disso, \u00e9 primordial que qualquer altera\u00e7\u00e3o dermatol\u00f3gica, seja avaliada por um m\u00e9dico dermatologista.<\/p>\t\t\t\t\t\t\t\t<\/div>\n\t\t\t\t<\/div>\n\t\t\t\t\t<\/div>\n\t\t<\/div>\n\t\t\t\t\t<\/div>\n\t\t<\/section>\n\t\t\t\t<section class=\"elementor-section elementor-inner-section elementor-element elementor-element-459a4c7 elementor-reverse-mobile elementor-section-boxed elementor-section-height-default elementor-section-height-default\" data-id=\"459a4c7\" data-element_type=\"section\" data-e-type=\"section\">\n\t\t\t\t\t\t<div class=\"elementor-container elementor-column-gap-default\">\n\t\t\t\t\t<div class=\"elementor-column elementor-col-50 elementor-inner-column elementor-element elementor-element-d0513a3\" data-id=\"d0513a3\" data-element_type=\"column\" data-e-type=\"column\" data-settings=\"{&quot;background_background&quot;:&quot;classic&quot;}\">\n\t\t\t<div class=\"elementor-widget-wrap elementor-element-populated\">\n\t\t\t\t\t\t<div class=\"elementor-element elementor-element-4bda8eb elementor-widget elementor-widget-heading\" data-id=\"4bda8eb\" data-element_type=\"widget\" data-e-type=\"widget\" data-widget_type=\"heading.default\">\n\t\t\t\t<div class=\"elementor-widget-container\">\n\t\t\t\t\t<h3 class=\"elementor-heading-title elementor-size-default\">MELANOMA<\/h3>\t\t\t\t<\/div>\n\t\t\t\t<\/div>\n\t\t\t\t<div class=\"elementor-element elementor-element-286f25c elementor-widget elementor-widget-text-editor\" data-id=\"286f25c\" data-element_type=\"widget\" data-e-type=\"widget\" data-widget_type=\"text-editor.default\">\n\t\t\t\t<div class=\"elementor-widget-container\">\n\t\t\t\t\t\t\t\t\t<p>O melanoma \u00e9 o tipo mais raro, representando cerca de 3% dos casos, mas \u00e9 altamente letal devido ao alto potencial de met\u00e1stase. Os principais subtipos incluem:<\/p><ul><li>Melanoma extensivo superficial;<\/li><li>Melanoma nodular;<\/li><li>Lentigo maligno melanoma;<\/li><li>Melanoma lentiginoso acral.<\/li><\/ul>\t\t\t\t\t\t\t\t<\/div>\n\t\t\t\t<\/div>\n\t\t\t\t\t<\/div>\n\t\t<\/div>\n\t\t\t\t<div class=\"elementor-column elementor-col-50 elementor-inner-column elementor-element elementor-element-318b0bd\" data-id=\"318b0bd\" data-element_type=\"column\" data-e-type=\"column\">\n\t\t\t<div class=\"elementor-widget-wrap elementor-element-populated\">\n\t\t\t\t\t\t<div class=\"elementor-element elementor-element-ffbfccf elementor-widget elementor-widget-image\" data-id=\"ffbfccf\" data-element_type=\"widget\" data-e-type=\"widget\" data-widget_type=\"image.default\">\n\t\t\t\t<div class=\"elementor-widget-container\">\n\t\t\t\t\t\t\t\t\t\t\t\t\t\t\t<img loading=\"lazy\" decoding=\"async\" width=\"1024\" height=\"576\" src=\"https:\/\/blogclinicsaude.farmaponte.com.br\/wp-content\/uploads\/2024\/12\/4-1-1024x576.jpg\" class=\"elementor-animation-hang attachment-large size-large wp-image-755\" alt=\"\" srcset=\"https:\/\/blogclinicsaude.farmaponte.com.br\/wp-content\/uploads\/2024\/12\/4-1-1024x576.jpg 1024w, https:\/\/blogclinicsaude.farmaponte.com.br\/wp-content\/uploads\/2024\/12\/4-1-300x169.jpg 300w, https:\/\/blogclinicsaude.farmaponte.com.br\/wp-content\/uploads\/2024\/12\/4-1-768x432.jpg 768w, https:\/\/blogclinicsaude.farmaponte.com.br\/wp-content\/uploads\/2024\/12\/4-1-1536x864.jpg 1536w, https:\/\/blogclinicsaude.farmaponte.com.br\/wp-content\/uploads\/2024\/12\/4-1.jpg 1920w\" sizes=\"(max-width: 1024px) 100vw, 1024px\" \/>\t\t\t\t\t\t\t\t\t\t\t\t\t\t\t<\/div>\n\t\t\t\t<\/div>\n\t\t\t\t\t<\/div>\n\t\t<\/div>\n\t\t\t\t\t<\/div>\n\t\t<\/section>\n\t\t\t\t<div class=\"elementor-element elementor-element-b44d791 elementor-widget elementor-widget-heading\" data-id=\"b44d791\" data-element_type=\"widget\" data-e-type=\"widget\" data-widget_type=\"heading.default\">\n\t\t\t\t<div class=\"elementor-widget-container\">\n\t\t\t\t\t<h3 class=\"elementor-heading-title elementor-size-default\">QUAIS S\u00c3O OS FATORES DE RISCO POTENCIALIZADORES DO C\u00c2NCER DE PELE?<\/h3>\t\t\t\t<\/div>\n\t\t\t\t<\/div>\n\t\t\t\t<div class=\"elementor-element elementor-element-03d6e8d elementor-widget elementor-widget-text-editor\" data-id=\"03d6e8d\" data-element_type=\"widget\" data-e-type=\"widget\" data-widget_type=\"text-editor.default\">\n\t\t\t\t<div class=\"elementor-widget-container\">\n\t\t\t\t\t\t\t\t\t<p>Os principais fatores de risco incluem:<\/p><ul><li><strong>Exposi\u00e7\u00e3o solar desprotegida<\/strong>: A radia\u00e7\u00e3o UV \u00e9 o principal carcin\u00f3geno, sendo a exposi\u00e7\u00e3o cumulativa associada ao c\u00e2ncer n\u00e3o melanoma e os epis\u00f3dios intensos \u00e0s queimaduras solares ao melanoma.<\/li><li><strong>Fen\u00f3tipo<\/strong>: Pele clara, olhos claros, presen\u00e7a de sardas e hist\u00f3ria familiar de c\u00e2ncer de pele aumentam a susceptibilidade.<\/li><li><strong>Idade<\/strong>: O envelhecimento \u00e9 um fator relevante devido \u00e0 exposi\u00e7\u00e3o solar acumulativa ao longo da vida.<\/li><li><strong>Imunossupress\u00e3o<\/strong>: Pacientes imunocomprometidos apresentam maior risco de desenvolver c\u00e2ncer de pele.<\/li><\/ul>\t\t\t\t\t\t\t\t<\/div>\n\t\t\t\t<\/div>\n\t\t\t\t<section class=\"elementor-section elementor-inner-section elementor-element elementor-element-bd21b76 elementor-section-boxed elementor-section-height-default elementor-section-height-default\" data-id=\"bd21b76\" data-element_type=\"section\" data-e-type=\"section\">\n\t\t\t\t\t\t<div class=\"elementor-container elementor-column-gap-default\">\n\t\t\t\t\t<div class=\"elementor-column elementor-col-50 elementor-inner-column elementor-element elementor-element-e021724\" data-id=\"e021724\" data-element_type=\"column\" data-e-type=\"column\">\n\t\t\t<div class=\"elementor-widget-wrap elementor-element-populated\">\n\t\t\t\t\t\t<div class=\"elementor-element elementor-element-ab45645 elementor-widget elementor-widget-image\" data-id=\"ab45645\" data-element_type=\"widget\" data-e-type=\"widget\" data-widget_type=\"image.default\">\n\t\t\t\t<div class=\"elementor-widget-container\">\n\t\t\t\t\t\t\t\t\t\t\t\t\t\t\t<img loading=\"lazy\" decoding=\"async\" width=\"1024\" height=\"576\" src=\"https:\/\/blogclinicsaude.farmaponte.com.br\/wp-content\/uploads\/2024\/12\/5-1-1024x576.jpg\" class=\"elementor-animation-hang attachment-large size-large wp-image-756\" alt=\"\" srcset=\"https:\/\/blogclinicsaude.farmaponte.com.br\/wp-content\/uploads\/2024\/12\/5-1-1024x576.jpg 1024w, https:\/\/blogclinicsaude.farmaponte.com.br\/wp-content\/uploads\/2024\/12\/5-1-300x169.jpg 300w, https:\/\/blogclinicsaude.farmaponte.com.br\/wp-content\/uploads\/2024\/12\/5-1-768x432.jpg 768w, https:\/\/blogclinicsaude.farmaponte.com.br\/wp-content\/uploads\/2024\/12\/5-1-1536x864.jpg 1536w, https:\/\/blogclinicsaude.farmaponte.com.br\/wp-content\/uploads\/2024\/12\/5-1.jpg 1920w\" sizes=\"(max-width: 1024px) 100vw, 1024px\" \/>\t\t\t\t\t\t\t\t\t\t\t\t\t\t\t<\/div>\n\t\t\t\t<\/div>\n\t\t\t\t\t<\/div>\n\t\t<\/div>\n\t\t\t\t<div class=\"elementor-column elementor-col-50 elementor-inner-column elementor-element elementor-element-2c2d30e\" data-id=\"2c2d30e\" data-element_type=\"column\" data-e-type=\"column\" data-settings=\"{&quot;background_background&quot;:&quot;classic&quot;}\">\n\t\t\t<div class=\"elementor-widget-wrap elementor-element-populated\">\n\t\t\t\t\t\t<div class=\"elementor-element elementor-element-a94e7d4 elementor-widget elementor-widget-heading\" data-id=\"a94e7d4\" data-element_type=\"widget\" data-e-type=\"widget\" data-widget_type=\"heading.default\">\n\t\t\t\t<div class=\"elementor-widget-container\">\n\t\t\t\t\t<h3 class=\"elementor-heading-title elementor-size-default\">COMO PREVENIR O C\u00c2NCER DE PELE?<\/h3>\t\t\t\t<\/div>\n\t\t\t\t<\/div>\n\t\t\t\t<div class=\"elementor-element elementor-element-ef9f6a2 elementor-widget elementor-widget-text-editor\" data-id=\"ef9f6a2\" data-element_type=\"widget\" data-e-type=\"widget\" data-widget_type=\"text-editor.default\">\n\t\t\t\t<div class=\"elementor-widget-container\">\n\t\t\t\t\t\t\t\t\t<p>A preven\u00e7\u00e3o \u00e9 baseada em medidas de fotoprote\u00e7\u00e3o:<\/p><ol><li><strong>Uso de protetor solar<\/strong>: Aplicar produtos com FPS igual ou superior a 30, reaplicando a cada duas horas.<\/li><li><strong>Roupas protetoras<\/strong>: Utilizar chap\u00e9us, \u00f3culos de sol e roupas que cubram a pele.<\/li><li><strong>Evitar hor\u00e1rios de pico solar<\/strong>: Reduzir a exposi\u00e7\u00e3o entre 10h e 16h.<\/li><li><strong>Autoexame<\/strong>: Observar regularmente a pele em busca de manchas ou sinais que mudem de tamanho, forma ou cor.<\/li><li><strong>Consultas dermatol\u00f3gicas regulares<\/strong>: Procurar avalia\u00e7\u00f5es peri\u00f3dicas, especialmente para indiv\u00edduos com fatores de risco.<\/li><\/ol>\t\t\t\t\t\t\t\t<\/div>\n\t\t\t\t<\/div>\n\t\t\t\t\t<\/div>\n\t\t<\/div>\n\t\t\t\t\t<\/div>\n\t\t<\/section>\n\t\t\t\t<div class=\"elementor-element elementor-element-37e2fa4 elementor-widget elementor-widget-heading\" data-id=\"37e2fa4\" data-element_type=\"widget\" data-e-type=\"widget\" data-widget_type=\"heading.default\">\n\t\t\t\t<div class=\"elementor-widget-container\">\n\t\t\t\t\t<h3 class=\"elementor-heading-title elementor-size-default\">CONSIDERA\u00c7\u00d5ES FINAIS<\/h3>\t\t\t\t<\/div>\n\t\t\t\t<\/div>\n\t\t\t\t<div class=\"elementor-element elementor-element-11163ba elementor-widget elementor-widget-text-editor\" data-id=\"11163ba\" data-element_type=\"widget\" data-e-type=\"widget\" data-widget_type=\"text-editor.default\">\n\t\t\t\t<div class=\"elementor-widget-container\">\n\t\t\t\t\t\t\t\t\t<p>O Dezembro Amarelo ressalta a import\u00e2ncia da educa\u00e7\u00e3o e da conscientiza\u00e7\u00e3o sobre o c\u00e2ncer de pele. Medidas preventivas simples podem reduzir significativamente os casos da doen\u00e7a e suas complica\u00e7\u00f5es. A detec\u00e7\u00e3o precoce permanece como a melhor estrat\u00e9gia para melhorar os progn\u00f3sticos e salvar vidas.<\/p>\t\t\t\t\t\t\t\t<\/div>\n\t\t\t\t<\/div>\n\t\t\t\t<div class=\"elementor-element elementor-element-6d16994 elementor-widget elementor-widget-text-editor\" data-id=\"6d16994\" data-element_type=\"widget\" data-e-type=\"widget\" data-widget_type=\"text-editor.default\">\n\t\t\t\t<div class=\"elementor-widget-container\">\n\t\t\t\t\t\t\t\t\t<div data-breakout=\"normal\"><p id=\"viewer-0mzdd16198\" class=\"ZuC5J faq2B YCZ-u YZYFQ\" dir=\"auto\"><span class=\"deJ7P YCZ-u\">Todas as informa\u00e7\u00f5es redigidas neste artigo, possuem as seguintes refer\u00eancias:<\/span><\/p><\/div><div data-breakout=\"normal\"><ul><li>CAMPOS, Gislaine Rodrigues De et al. Conscientiza\u00e7\u00e3o sobre o c\u00e2ncer de pele \u2013 dezembro laranja. <em>Sa\u00fade &amp; Conhecimento \u2013 Jornal de Medicina<\/em>, v.6, 2020. Dispon\u00edvel em: http:\/\/repositorio.unesc.net\/handle\/1\/11348. Acesso em: 12 dez. 2024.<\/li><li>DESPATO, H.L. et al. Detec\u00e7\u00e3o precoce do c\u00e2ncer de pele: conscientiza\u00e7\u00e3o e sa\u00fade dermatol\u00f3gica. <em>ULAKES J Med.<\/em>, v. 3, n. 4, 2023. Dispon\u00edvel em: https:\/\/doi.org\/10.56084\/ulakesjmed.v3i4.927. Acesso em: 12 dez. 2024.<\/li><li>LUPI, O. et al. Rotinas de Diagn\u00f3stico e Tratamento da Sociedade Brasileira de Dermatologia. 2\u00aa ed. S\u00e3o Paulo: AP Farmac\u00eautica, 2012.<\/li><li>MINIST\u00c9RIO DA SA\u00daDE. Dezembro Laranja: preven\u00e7\u00e3o e detec\u00e7\u00e3o precoce do c\u00e2ncer de pele. Dispon\u00edvel em: https:\/\/www.gov.br\/saude\/pt-br\/assuntos\/saude-brasil\/prevencao-ao-cancer\/dezembro-laranja-prevencao-e-deteccao-precoce-do-cancer-de-pele. Acesso em: 12 dez. 2024.<\/li><\/ul><\/div>\t\t\t\t\t\t\t\t<\/div>\n\t\t\t\t<\/div>\n\t\t\t\t\t<\/div>\n\t\t<\/div>\n\t\t\t\t\t<\/div>\n\t\t<\/section>\n\t\t<div class=\"elementor-element elementor-element-095309e e-flex e-con-boxed e-con e-parent\" data-id=\"095309e\" data-element_type=\"container\" data-e-type=\"container\" data-settings=\"{&quot;background_background&quot;:&quot;classic&quot;}\">\n\t\t\t\t\t<div class=\"e-con-inner\">\n\t\t\t\t<div class=\"elementor-element elementor-element-4aefea3 elementor-widget elementor-widget-heading\" data-id=\"4aefea3\" data-element_type=\"widget\" data-e-type=\"widget\" data-widget_type=\"heading.default\">\n\t\t\t\t<div class=\"elementor-widget-container\">\n\t\t\t\t\t<h2 class=\"elementor-heading-title elementor-size-default\"> 2024 Clinic Saude Farma Ponte \u00ae - Todos os direitos reservados.<\/h2>\t\t\t\t<\/div>\n\t\t\t\t<\/div>\n\t\t\t\t\t<\/div>\n\t\t\t\t<\/div>\n\t\t\t\t<\/div>\n\t\t","protected":false},"excerpt":{"rendered":"<p>VOLTAR PARA HOME DEZEMBRO AMARELO O QUE \u00c9 O C\u00c2NCER DE PELE, QUAIS OS TIPOS MAIS NOCIVOS E COMO PREVENIR Dezembro Amarelo \u00e9 uma campanha que busca conscientizar a popula\u00e7\u00e3o sobre a preven\u00e7\u00e3o e o diagn\u00f3stico precoce do c\u00e2ncer de pele. Este m\u00eas, que coincide com o in\u00edcio do ver\u00e3o no Brasil, \u00e9 fundamental para [&hellip;]<\/p>\n","protected":false},"author":1,"featured_media":0,"parent":0,"menu_order":0,"comment_status":"closed","ping_status":"closed","template":"elementor_canvas","meta":{"footnotes":""},"class_list":["post-750","page","type-page","status-publish","hentry"],"_links":{"self":[{"href":"https:\/\/blogclinicsaude.farmaponte.com.br\/index.php?rest_route=\/wp\/v2\/pages\/750","targetHints":{"allow":["GET"]}}],"collection":[{"href":"https:\/\/blogclinicsaude.farmaponte.com.br\/index.php?rest_route=\/wp\/v2\/pages"}],"about":[{"href":"https:\/\/blogclinicsaude.farmaponte.com.br\/index.php?rest_route=\/wp\/v2\/types\/page"}],"author":[{"embeddable":true,"href":"https:\/\/blogclinicsaude.farmaponte.com.br\/index.php?rest_route=\/wp\/v2\/users\/1"}],"replies":[{"embeddable":true,"href":"https:\/\/blogclinicsaude.farmaponte.com.br\/index.php?rest_route=%2Fwp%2Fv2%2Fcomments&post=750"}],"version-history":[{"count":4,"href":"https:\/\/blogclinicsaude.farmaponte.com.br\/index.php?rest_route=\/wp\/v2\/pages\/750\/revisions"}],"predecessor-version":[{"id":759,"href":"https:\/\/blogclinicsaude.farmaponte.com.br\/index.php?rest_route=\/wp\/v2\/pages\/750\/revisions\/759"}],"wp:attachment":[{"href":"https:\/\/blogclinicsaude.farmaponte.com.br\/index.php?rest_route=%2Fwp%2Fv2%2Fmedia&parent=750"}],"curies":[{"name":"wp","href":"https:\/\/api.w.org\/{rel}","templated":true}]}}